{"id":90,"date":"2018-09-02T22:24:36","date_gmt":"2018-09-02T22:24:36","guid":{"rendered":"http:\/\/www.judo-club-wetzlar.de\/?page_id=90"},"modified":"2025-03-12T08:44:57","modified_gmt":"2025-03-12T08:44:57","slug":"trainer","status":"publish","type":"page","link":"https:\/\/www.judo-club-wetzlar.de\/?page_id=90","title":{"rendered":"Trainer"},"content":{"rendered":"<h2>Judo<\/h2>\n<table border=\"0\">\n<tbody>\n<tr>\n<td width=\"50%\"><img loading=\"lazy\" decoding=\"async\" class=\"size-medium wp-image-309 aligncenter\" src=\"http:\/\/www.judo-club-wetzlar.de\/wp-content\/uploads\/2018\/10\/miriam-300x200.jpg\" alt=\"\" width=\"300\" height=\"200\" srcset=\"https:\/\/www.judo-club-wetzlar.de\/wp-content\/uploads\/2018\/10\/miriam-300x200.jpg 300w, https:\/\/www.judo-club-wetzlar.de\/wp-content\/uploads\/2018\/10\/miriam-768x512.jpg 768w, https:\/\/www.judo-club-wetzlar.de\/wp-content\/uploads\/2018\/10\/miriam-1024x683.jpg 1024w, https:\/\/www.judo-club-wetzlar.de\/wp-content\/uploads\/2018\/10\/miriam-1080x720.jpg 1080w, https:\/\/www.judo-club-wetzlar.de\/wp-content\/uploads\/2018\/10\/miriam.jpg 1824w\" sizes=\"auto, (max-width: 300px) 100vw, 300px\" \/><\/td>\n<td width=\"50%\"><img loading=\"lazy\" decoding=\"async\" class=\"size-medium wp-image-310 aligncenter\" src=\"http:\/\/www.judo-club-wetzlar.de\/wp-content\/uploads\/2018\/10\/pedro_manuel-300x200.jpg\" alt=\"\" width=\"300\" height=\"200\" srcset=\"https:\/\/www.judo-club-wetzlar.de\/wp-content\/uploads\/2018\/10\/pedro_manuel-300x200.jpg 300w, https:\/\/www.judo-club-wetzlar.de\/wp-content\/uploads\/2018\/10\/pedro_manuel-768x512.jpg 768w, https:\/\/www.judo-club-wetzlar.de\/wp-content\/uploads\/2018\/10\/pedro_manuel-1024x683.jpg 1024w, https:\/\/www.judo-club-wetzlar.de\/wp-content\/uploads\/2018\/10\/pedro_manuel-1080x720.jpg 1080w, https:\/\/www.judo-club-wetzlar.de\/wp-content\/uploads\/2018\/10\/pedro_manuel.jpg 1824w\" sizes=\"auto, (max-width: 300px) 100vw, 300px\" \/><\/td>\n<\/tr>\n<tr>\n<td align=\"CENTER\" width=\"50%\"><strong><span style=\"color: #b22222;\">Miriam Winter<\/span><br \/>\nAbteilungsleiterin Judo &#8211; 1. Dan<br \/>\n<\/strong><\/td>\n<td align=\"CENTER\" width=\"50%\"><strong><span style=\"color: #b22222;\">Pedro Manuel Naval Santos<\/span><br \/>\nTrainer Judo &#8211; 2. Dan<br \/>\n<\/strong><\/td>\n<\/tr>\n<tr>\n<td width=\"50%\"><img loading=\"lazy\" decoding=\"async\" class=\"size-medium wp-image-492 aligncenter\" src=\"http:\/\/www.judo-club-wetzlar.de\/wp-content\/uploads\/2018\/12\/Vereinslogo-60x60cm-1-300x300.jpg\" alt=\"\" width=\"300\" height=\"200\" \/><\/td>\n<td><\/td>\n<\/tr>\n<tr>\n<td align=\"CENTER\" width=\"50%\"><strong><span style=\"color: #b22222;\">Stefan Motyka<\/span><br \/>\nAbteilungsleiter Judo &#8211; 1. Dan<br \/>\n<\/strong><\/td>\n<td align=\"CENTER\" width=\"50%\"><strong>\u00a0<\/strong><\/td>\n<\/tr>\n<\/tbody>\n<\/table>\n<h2>Ju Jutsu<\/h2>\n<table border=\"0\">\n<tbody>\n<tr>\n<td width=\"50%\"><img loading=\"lazy\" decoding=\"async\" class=\"size-medium wp-image-324 aligncenter\" src=\"http:\/\/www.judo-club-wetzlar.de\/wp-content\/uploads\/2018\/12\/Vereinslogo-60x60cm-1-300x300.jpg\" alt=\"\" width=\"300\" height=\"200\" \/><\/td>\n<td width=\"50%\"><img loading=\"lazy\" decoding=\"async\" class=\"size-medium wp-image-492 aligncenter\" src=\"http:\/\/www.judo-club-wetzlar.de\/wp-content\/uploads\/2018\/12\/Vereinslogo-60x60cm-1-300x300.jpg\" alt=\"\" width=\"300\" height=\"200\" \/><\/td>\n<\/tr>\n<tr>\n<td align=\"CENTER\" width=\"50%\"><strong><span style=\"color: #b22222;\">Thomas B\u00fchrmann<\/span><br \/>\nTrainer Ju Jutsu &#8211; 3. Dan<br \/>\n<\/strong><strong>Pr\u00fcferlizenz HJJV<br \/>\n<\/strong><\/td>\n<td align=\"CENTER\" width=\"50%\"><strong><strong><span style=\"color: #b22222;\">Lars Prange<\/span><br \/>\nTrainer Ju Jutsu &#8211; 1. Dan<\/strong><\/strong><\/td>\n<\/tr>\n<tr>\n<td width=\"50%\"><img loading=\"lazy\" decoding=\"async\" class=\"size-medium wp-image-324 aligncenter\" src=\"http:\/\/www.judo-club-wetzlar.de\/wp-content\/uploads\/2018\/12\/Vereinslogo-60x60cm-1-300x300.jpg\" alt=\"\" width=\"300\" height=\"200\" \/><\/td>\n<td width=\"50%\"><img loading=\"lazy\" decoding=\"async\" class=\"size-medium wp-image-492 aligncenter\" src=\"http:\/\/www.judo-club-wetzlar.de\/wp-content\/uploads\/2018\/12\/Vereinslogo-60x60cm-1-300x300.jpg\" alt=\"\" width=\"300\" height=\"200\" \/><\/td>\n<\/tr>\n<tr>\n<td align=\"CENTER\" width=\"50%\"><strong><span style=\"color: #b22222;\">Sascha Spie\u00df<\/span><br \/>\nTrainer Ju Jutsu &#8211; 1. Dan<\/strong><strong><br \/>\n<\/strong><\/td>\n<td align=\"CENTER\" width=\"50%\"><strong><strong><span style=\"color: #b22222;\">Theofanis Filippou<\/span><br \/>\nTrainer Ju Jutsu &#8211; 1. Dan<\/strong><\/strong><\/td>\n<\/tr>\n<\/tbody>\n<\/table>\n<h2>Karate<\/h2>\n<table border=\"0\">\n<tbody>\n<tr>\n<td width=\"50%\"><img loading=\"lazy\" decoding=\"async\" class=\"alignnone wp-image-448 size-medium\" src=\"https:\/\/www.judo-club-wetzlar.de\/wp-content\/uploads\/2018\/11\/juergen-300x200.jpg\" alt=\"\" width=\"300\" height=\"200\" srcset=\"https:\/\/www.judo-club-wetzlar.de\/wp-content\/uploads\/2018\/11\/juergen-300x200.jpg 300w, https:\/\/www.judo-club-wetzlar.de\/wp-content\/uploads\/2018\/11\/juergen-768x512.jpg 768w, https:\/\/www.judo-club-wetzlar.de\/wp-content\/uploads\/2018\/11\/juergen-1024x682.jpg 1024w, https:\/\/www.judo-club-wetzlar.de\/wp-content\/uploads\/2018\/11\/juergen-1080x720.jpg 1080w, https:\/\/www.judo-club-wetzlar.de\/wp-content\/uploads\/2018\/11\/juergen.jpg 1733w\" sizes=\"auto, (max-width: 300px) 100vw, 300px\" \/><\/td>\n<td width=\"50%\"><\/td>\n<\/tr>\n<tr>\n<td align=\"CENTER\" width=\"50%\"><strong><span style=\"color: #b22222;\">J\u00fcrgen Richter<\/span><br \/>\nTrainer Karate &#8211; 3. Dan<br \/>\nB-Pr\u00fcfer Lizenz &amp; Trainer-C Lizenz<\/strong><\/td>\n<td align=\"CENTER\" width=\"50%\"><strong><strong><span style=\"color: #b22222;\">Philipp Heering<\/span><br \/>\nTrainer Karate &#8211; 3. Kyu<\/strong><\/strong><\/td>\n<\/tr>\n<\/tbody>\n<\/table>\n<h2>Brazilian Jiu Jitsu<\/h2>\n<table border=\"0\">\n<tbody>\n<tr>\n<td width=\"50%\"><img loading=\"lazy\" decoding=\"async\" class=\"size-medium wp-image-340 aligncenter\" src=\"http:\/\/www.judo-club-wetzlar.de\/wp-content\/uploads\/2018\/10\/mike-300x200.jpg\" alt=\"\" width=\"300\" height=\"200\" srcset=\"https:\/\/www.judo-club-wetzlar.de\/wp-content\/uploads\/2018\/10\/mike-300x200.jpg 300w, https:\/\/www.judo-club-wetzlar.de\/wp-content\/uploads\/2018\/10\/mike-768x512.jpg 768w, https:\/\/www.judo-club-wetzlar.de\/wp-content\/uploads\/2018\/10\/mike-1024x683.jpg 1024w, https:\/\/www.judo-club-wetzlar.de\/wp-content\/uploads\/2018\/10\/mike-1080x720.jpg 1080w, https:\/\/www.judo-club-wetzlar.de\/wp-content\/uploads\/2018\/10\/mike.jpg 1824w\" sizes=\"auto, (max-width: 300px) 100vw, 300px\" \/><\/td>\n<td width=\"50%\"><img loading=\"lazy\" decoding=\"async\" class=\"size-medium wp-image-492 aligncenter\" src=\"http:\/\/www.judo-club-wetzlar.de\/wp-content\/uploads\/2018\/12\/Vereinslogo-60x60cm-1-300x300.jpg\" alt=\"\" width=\"300\" height=\"200\" \/><\/td>\n<\/tr>\n<tr>\n<td align=\"CENTER\" width=\"50%\"><strong><span style=\"color: #b22222;\">Mike Hartmann<\/span><br \/>\nBJJ Blackbelt 2<sup>nd<\/sup> Degree (<a href=\"https:\/\/beltchecker.com\/profile.php?id=31\">Beltchecker.com<\/a>)<br \/>\nBundestrainer BJJ (DJJV)<\/strong><\/td>\n<td align=\"CENTER\" width=\"50%\"><strong><strong><span style=\"color: #b22222;\">Ralf Pohl<\/span><br \/>\nBJJ Brownbelt<\/strong><\/strong><\/td>\n<\/tr>\n<tr>\n<td width=\"50%\"><img loading=\"lazy\" decoding=\"async\" class=\"size-medium wp-image-492 aligncenter\" src=\"http:\/\/www.judo-club-wetzlar.de\/wp-content\/uploads\/2018\/12\/Vereinslogo-60x60cm-1-300x300.jpg\" alt=\"\" width=\"300\" height=\"200\" \/><\/td>\n<td width=\"50%\"><\/td>\n<\/tr>\n<tr>\n<td align=\"CENTER\" width=\"50%\"><strong><span style=\"color: #b22222;\">Constantin W\u00f6rner<\/span><br \/>\nBJJ Blackbelt 1<sup>st<\/sup> Degree<br \/>\n<\/strong><\/td>\n<td align=\"CENTER\" width=\"50%\"><\/td>\n<\/tr>\n<\/tbody>\n<\/table>\n<h2>Kali<\/h2>\n<table border=\"0\">\n<tbody>\n<tr>\n<td width=\"50%\"><img loading=\"lazy\" decoding=\"async\" class=\"size-medium wp-image-451 aligncenter\" src=\"http:\/\/www.judo-club-wetzlar.de\/wp-content\/uploads\/2018\/11\/matthias-300x200.jpg\" alt=\"\" width=\"300\" height=\"200\" srcset=\"https:\/\/www.judo-club-wetzlar.de\/wp-content\/uploads\/2018\/11\/matthias-300x200.jpg 300w, https:\/\/www.judo-club-wetzlar.de\/wp-content\/uploads\/2018\/11\/matthias-768x512.jpg 768w, https:\/\/www.judo-club-wetzlar.de\/wp-content\/uploads\/2018\/11\/matthias-1024x683.jpg 1024w, https:\/\/www.judo-club-wetzlar.de\/wp-content\/uploads\/2018\/11\/matthias-1080x720.jpg 1080w, https:\/\/www.judo-club-wetzlar.de\/wp-content\/uploads\/2018\/11\/matthias.jpg 1824w\" sizes=\"auto, (max-width: 300px) 100vw, 300px\" \/><\/td>\n<td width=\"50%\"><img loading=\"lazy\" decoding=\"async\" class=\"size-medium wp-image-492 aligncenter\" src=\"http:\/\/www.judo-club-wetzlar.de\/wp-content\/uploads\/2018\/12\/Vereinslogo-60x60cm-1-300x300.jpg\" alt=\"\" width=\"300\" height=\"200\" \/><\/td>\n<\/tr>\n<tr>\n<td align=\"CENTER\" width=\"50%\"><strong><span style=\"color: #b22222;\">Mathias Watz<\/span><br \/>\nTrainer Pekiti-Tirsia Kali<br \/>\nTrainer-C Lizenz<\/strong><\/td>\n<td align=\"CENTER\" width=\"50%\"><strong><span style=\"color: #b22222;\">Florian D\u00f6rfler<\/span><br \/>\nTrainer Pekiti-Tirsia Kali<\/strong><\/td>\n<\/tr>\n<\/tbody>\n<\/table>\n","protected":false},"excerpt":{"rendered":"<p>Judo Miriam Winter Abteilungsleiterin Judo &#8211; 1. Dan Pedro Manuel Naval Santos Trainer Judo &#8211; 2. Dan Stefan Motyka Abteilungsleiter Judo &#8211; 1. Dan \u00a0 Ju Jutsu Thomas B\u00fchrmann Trainer Ju Jutsu &#8211; 3. Dan Pr\u00fcferlizenz HJJV Lars Prange Trainer Ju Jutsu &#8211; 1. Dan Sascha Spie\u00df Trainer Ju Jutsu &#8211; 1. Dan Theofanis Filippou &hellip; <a href=\"https:\/\/www.judo-club-wetzlar.de\/?page_id=90\" class=\"more-link\"><span class=\"screen-reader-text\">Trainer<\/span> weiterlesen<\/a><\/p>\n","protected":false},"author":2,"featured_media":0,"parent":0,"menu_order":0,"comment_status":"closed","ping_status":"closed","template":"","meta":{"jetpack_post_was_ever_published":false,"footnotes":""},"tags":[],"class_list":["post-90","page","type-page","status-publish","hentry","no-featured-image"],"jetpack_shortlink":"https:\/\/wp.me\/PaFs5A-1s","jetpack_sharing_enabled":true,"_links":{"self":[{"href":"https:\/\/www.judo-club-wetzlar.de\/index.php?rest_route=\/wp\/v2\/pages\/90","targetHints":{"allow":["GET"]}}],"collection":[{"href":"https:\/\/www.judo-club-wetzlar.de\/index.php?rest_route=\/wp\/v2\/pages"}],"about":[{"href":"https:\/\/www.judo-club-wetzlar.de\/index.php?rest_route=\/wp\/v2\/types\/page"}],"author":[{"embeddable":true,"href":"https:\/\/www.judo-club-wetzlar.de\/index.php?rest_route=\/wp\/v2\/users\/2"}],"replies":[{"embeddable":true,"href":"https:\/\/www.judo-club-wetzlar.de\/index.php?rest_route=%2Fwp%2Fv2%2Fcomments&post=90"}],"version-history":[{"count":72,"href":"https:\/\/www.judo-club-wetzlar.de\/index.php?rest_route=\/wp\/v2\/pages\/90\/revisions"}],"predecessor-version":[{"id":5449,"href":"https:\/\/www.judo-club-wetzlar.de\/index.php?rest_route=\/wp\/v2\/pages\/90\/revisions\/5449"}],"wp:attachment":[{"href":"https:\/\/www.judo-club-wetzlar.de\/index.php?rest_route=%2Fwp%2Fv2%2Fmedia&parent=90"}],"wp:term":[{"taxonomy":"post_tag","embeddable":true,"href":"https:\/\/www.judo-club-wetzlar.de\/index.php?rest_route=%2Fwp%2Fv2%2Ftags&post=90"}],"curies":[{"name":"wp","href":"https:\/\/api.w.org\/{rel}","templated":true}]}}